{"id":57,"date":"2020-03-29T16:34:37","date_gmt":"2020-03-29T16:34:37","guid":{"rendered":"https:\/\/fanfarefeelen.lu\/wpcj\/?page_id=57"},"modified":"2026-01-18T16:36:37","modified_gmt":"2026-01-18T15:36:37","slug":"historique","status":"publish","type":"page","link":"https:\/\/fanfarefeelen.lu\/wpcj\/historique\/","title":{"rendered":"Historique"},"content":{"rendered":"\t\t<div data-elementor-type=\"wp-page\" data-elementor-id=\"57\" class=\"elementor elementor-57\" data-elementor-post-type=\"page\">\n\t\t\t\t\t\t<section class=\"elementor-section elementor-top-section elementor-element elementor-element-77fadf92 elementor-section-height-min-height elementor-section-boxed elementor-section-height-default elementor-section-items-middle\" data-id=\"77fadf92\" data-element_type=\"section\" data-settings=\"{&quot;background_background&quot;:&quot;classic&quot;,&quot;shape_divider_bottom&quot;:&quot;book&quot;,&quot;shape_divider_bottom_negative&quot;:&quot;yes&quot;}\">\n\t\t\t\t\t\t\t<div class=\"elementor-background-overlay\"><\/div>\n\t\t\t\t\t\t<div class=\"elementor-shape elementor-shape-bottom\" aria-hidden=\"true\" data-negative=\"true\">\n\t\t\t<svg xmlns=\"http:\/\/www.w3.org\/2000\/svg\" viewBox=\"0 0 1000 100\" preserveAspectRatio=\"none\">\n\t<path class=\"elementor-shape-fill\" d=\"M806,94.7C619.5,90,500,20.3,500,1.7c-1,18.6-117.5,88.3-306,93C92,97.2,0,97.9,0,97.9v-0l0,0v2.3h1000v-2.3 C1000,97.7,920.3,97.6,806,94.7z M350,65.1L350,65.1L350,65.1L350,65.1z\"\/>\n<\/svg>\n\t\t<\/div>\n\t\t\t\t\t<div class=\"elementor-container elementor-column-gap-default\">\n\t\t\t\t\t<div class=\"elementor-column elementor-col-100 elementor-top-column elementor-element elementor-element-1f2a9406\" data-id=\"1f2a9406\" data-element_type=\"column\">\n\t\t\t<div class=\"elementor-widget-wrap elementor-element-populated\">\n\t\t\t\t\t\t<section class=\"elementor-section elementor-inner-section elementor-element elementor-element-1911304a elementor-section-boxed elementor-section-height-default elementor-section-height-default\" data-id=\"1911304a\" data-element_type=\"section\">\n\t\t\t\t\t\t<div class=\"elementor-container elementor-column-gap-default\">\n\t\t\t\t\t<div class=\"elementor-column elementor-col-100 elementor-inner-column elementor-element elementor-element-68421335\" data-id=\"68421335\" data-element_type=\"column\" data-settings=\"{&quot;background_background&quot;:&quot;classic&quot;}\">\n\t\t\t<div class=\"elementor-widget-wrap elementor-element-populated\">\n\t\t\t\t\t\t<div class=\"elementor-element elementor-element-3acd3f46 elementor-widget-divider--view-line elementor-widget elementor-widget-divider\" data-id=\"3acd3f46\" data-element_type=\"widget\" data-widget_type=\"divider.default\">\n\t\t\t\t<div class=\"elementor-widget-container\">\n\t\t\t\t\t\t\t<div class=\"elementor-divider\">\n\t\t\t<span class=\"elementor-divider-separator\">\n\t\t\t\t\t\t<\/span>\n\t\t<\/div>\n\t\t\t\t\t\t<\/div>\n\t\t\t\t<\/div>\n\t\t\t\t<div class=\"elementor-element elementor-element-61bbef0d elementor-widget elementor-widget-heading\" data-id=\"61bbef0d\" data-element_type=\"widget\" data-widget_type=\"heading.default\">\n\t\t\t\t<div class=\"elementor-widget-container\">\n\t\t\t\t\t<h5 class=\"elementor-heading-title elementor-size-default\">Fanfare Feelen<\/h5>\t\t\t\t<\/div>\n\t\t\t\t<\/div>\n\t\t\t\t<div class=\"elementor-element elementor-element-16c76154 elementor-widget elementor-widget-heading\" data-id=\"16c76154\" data-element_type=\"widget\" data-widget_type=\"heading.default\">\n\t\t\t\t<div class=\"elementor-widget-container\">\n\t\t\t\t\t<h1 class=\"elementor-heading-title elementor-size-default\">Historique<\/h1>\t\t\t\t<\/div>\n\t\t\t\t<\/div>\n\t\t\t\t<div class=\"elementor-element elementor-element-6bce46c0 elementor-widget-divider--view-line elementor-widget elementor-widget-divider\" data-id=\"6bce46c0\" data-element_type=\"widget\" data-widget_type=\"divider.default\">\n\t\t\t\t<div class=\"elementor-widget-container\">\n\t\t\t\t\t\t\t<div class=\"elementor-divider\">\n\t\t\t<span class=\"elementor-divider-separator\">\n\t\t\t\t\t\t<\/span>\n\t\t<\/div>\n\t\t\t\t\t\t<\/div>\n\t\t\t\t<\/div>\n\t\t\t\t<div class=\"elementor-element elementor-element-3bedbbc8 elementor-widget elementor-widget-heading\" data-id=\"3bedbbc8\" data-element_type=\"widget\" data-widget_type=\"heading.default\">\n\t\t\t\t<div class=\"elementor-widget-container\">\n\t\t\t\t\t<h5 class=\"elementor-heading-title elementor-size-default\">since 1902<\/h5>\t\t\t\t<\/div>\n\t\t\t\t<\/div>\n\t\t\t\t<div class=\"elementor-element elementor-element-2377ec7a elementor-widget-divider--view-line elementor-widget elementor-widget-divider\" data-id=\"2377ec7a\" data-element_type=\"widget\" data-widget_type=\"divider.default\">\n\t\t\t\t<div class=\"elementor-widget-container\">\n\t\t\t\t\t\t\t<div class=\"elementor-divider\">\n\t\t\t<span class=\"elementor-divider-separator\">\n\t\t\t\t\t\t<\/span>\n\t\t<\/div>\n\t\t\t\t\t\t<\/div>\n\t\t\t\t<\/div>\n\t\t\t\t\t<\/div>\n\t\t<\/div>\n\t\t\t\t\t<\/div>\n\t\t<\/section>\n\t\t\t\t\t<\/div>\n\t\t<\/div>\n\t\t\t\t\t<\/div>\n\t\t<\/section>\n\t\t\t\t<section class=\"elementor-section elementor-top-section elementor-element elementor-element-d79551e elementor-section-boxed elementor-section-height-default elementor-section-height-default\" data-id=\"d79551e\" data-element_type=\"section\" data-settings=\"{&quot;background_background&quot;:&quot;classic&quot;}\">\n\t\t\t\t\t\t<div class=\"elementor-container elementor-column-gap-default\">\n\t\t\t\t\t<div class=\"elementor-column elementor-col-50 elementor-top-column elementor-element elementor-element-4e4220e\" data-id=\"4e4220e\" data-element_type=\"column\">\n\t\t\t<div class=\"elementor-widget-wrap elementor-element-populated\">\n\t\t\t\t\t\t<div class=\"elementor-element elementor-element-a61a31b elementor-widget-divider--view-line elementor-widget elementor-widget-divider\" data-id=\"a61a31b\" data-element_type=\"widget\" data-widget_type=\"divider.default\">\n\t\t\t\t<div class=\"elementor-widget-container\">\n\t\t\t\t\t\t\t<div class=\"elementor-divider\">\n\t\t\t<span class=\"elementor-divider-separator\">\n\t\t\t\t\t\t<\/span>\n\t\t<\/div>\n\t\t\t\t\t\t<\/div>\n\t\t\t\t<\/div>\n\t\t\t\t<div class=\"elementor-element elementor-element-82d562d elementor-widget elementor-widget-heading\" data-id=\"82d562d\" data-element_type=\"widget\" data-widget_type=\"heading.default\">\n\t\t\t\t<div class=\"elementor-widget-container\">\n\t\t\t\t\t<h2 class=\"elementor-heading-title elementor-size-default\">Vun 2014 bis Haut<\/h2>\t\t\t\t<\/div>\n\t\t\t\t<\/div>\n\t\t\t\t<div class=\"elementor-element elementor-element-d5d1b64 elementor-widget elementor-widget-heading\" data-id=\"d5d1b64\" data-element_type=\"widget\" data-widget_type=\"heading.default\">\n\t\t\t\t<div class=\"elementor-widget-container\">\n\t\t\t\t\t<h2 class=\"elementor-heading-title elementor-size-default\">\u00cbnnert der neier Leedung vum Patrick  Wilhelm koum eng partiell musikalesch Neiorient\u00e9ierung mat z.B. St\u00e9cker aus dem Brassensembler\u00e9pertoire, engem Medley vun enger hallwer Stonn aus der \u201eWest Side Story\u201c oder och engem Rock-Deel mat H\u00ebllef vu Gaaschtmuseker. <br><br>\nEen speziellen Highlight w\u00e4ren ons Opnamen zum Film \u201eGutland\u201c 2017. Zum Film selwer duerf jiddereen sech seng Meenung bilden, mee mir k\u00ebnnen als Ver\u00e4in stolz drop sinn, sou kuerzfristeg op d\u2019 Ufro reag\u00e9iert ze hunn, dat awer uerdentlech ze prepar\u00e9ieren an op ze huelen. Et ass allerd\u00e9ngs beim Toun bliwwen \u2013 fir d\u2019 Bild w\u00e4ren schonns Statisten engag\u00e9iert ginn. \n<br><br>\nCorona huet ons dann voll erw\u00ebscht: mir w\u00e4ren zu enger Partie am Musekssall fir op ze riichten, d\u2019 Beleuchtung- an Sound-Anlag w\u00e4r schonns opgeriicht a mir waarden\njust op d\u2019 Pressekonferenz vun der Regierung, d\u00e9i eis dann \u2013 fir di eng ganz kloer, fir anerer awer schw\u00e9ier ze gleewen \u2013 an de Lockdown sch\u00e9ckt. An de Joren\n2020\/21 wor onse Ver\u00e4in dann \u00ebmmer er\u00ebm aus gebremst. \u00cbmsou m\u00e9i huet et d\u2019 Musikanten gefreet 2022 dann e puer vun de geprouften St\u00e9cker vun 2020 awer dem Public ze present\u00e9ieren.<br><br><\/h2>\t\t\t\t<\/div>\n\t\t\t\t<\/div>\n\t\t\t\t<div class=\"elementor-element elementor-element-464e5ad elementor-widget elementor-widget-heading\" data-id=\"464e5ad\" data-element_type=\"widget\" data-widget_type=\"heading.default\">\n\t\t\t\t<div class=\"elementor-widget-container\">\n\t\t\t\t\t<h2 class=\"elementor-heading-title elementor-size-default\">Klengen Ausbl\u00e9ck<\/h2>\t\t\t\t<\/div>\n\t\t\t\t<\/div>\n\t\t\t\t<div class=\"elementor-element elementor-element-5aedc58 elementor-widget elementor-widget-heading\" data-id=\"5aedc58\" data-element_type=\"widget\" data-widget_type=\"heading.default\">\n\t\t\t\t<div class=\"elementor-widget-container\">\n\t\t\t\t\t<h2 class=\"elementor-heading-title elementor-size-default\">D\u2019Corona-Joren hunn et ons als Ver\u00e4in natierlech schw\u00e9ier gemeet eppes L\u00e4ngerfristeges ze plangen. Mir hunn et awer zum engen f\u00e4erdeg bruecht onsen Ver\u00e4in relativ stabel ze halen, zum aneren awer \u00ebmmer mol r\u00ebm klenger Aktivit\u00e9iten (mat erh\u00e9ichten S\u00e9cherheetsmoossnamen asw.) k\u00ebnnen z\u2019 organis\u00e9ieren fir den Zesummenhalt an d\u2019 St\u00ebmmung am Ver\u00e4in oprecht ze halen.\n<br><br>\nW\u00e9i onsen eemolegen Pr\u00e4sident mol geschriwwen huet:\n<br><br>\n\u201eD\u2019 Liewen an eiser Musek geet virun. De Ver\u00e4in muss et viru verstoen, sech de Launen a Situatioune vun eiser Z\u00e4it unzepassen an der Jugend eng Chance bidden. Dat ass hir sozial Missioun.\u201c<\/h2>\t\t\t\t<\/div>\n\t\t\t\t<\/div>\n\t\t\t\t<div class=\"elementor-element elementor-element-7aa8b9b elementor-widget-divider--view-line elementor-widget elementor-widget-divider\" data-id=\"7aa8b9b\" data-element_type=\"widget\" data-widget_type=\"divider.default\">\n\t\t\t\t<div class=\"elementor-widget-container\">\n\t\t\t\t\t\t\t<div class=\"elementor-divider\">\n\t\t\t<span class=\"elementor-divider-separator\">\n\t\t\t\t\t\t<\/span>\n\t\t<\/div>\n\t\t\t\t\t\t<\/div>\n\t\t\t\t<\/div>\n\t\t\t\t\t<\/div>\n\t\t<\/div>\n\t\t\t\t<div class=\"elementor-column elementor-col-50 elementor-top-column elementor-element elementor-element-274deb1\" data-id=\"274deb1\" data-element_type=\"column\">\n\t\t\t<div class=\"elementor-widget-wrap elementor-element-populated\">\n\t\t\t\t\t\t<div class=\"elementor-element elementor-element-1bf25e8 elementor-widget elementor-widget-image\" data-id=\"1bf25e8\" data-element_type=\"widget\" data-widget_type=\"image.default\">\n\t\t\t\t<div class=\"elementor-widget-container\">\n\t\t\t\t\t\t\t\t\t\t\t\t\t\t\t<img fetchpriority=\"high\" decoding=\"async\" width=\"1000\" height=\"667\" src=\"https:\/\/fanfarefeelen.lu\/wpcj\/wp-content\/uploads\/2020\/03\/IMG-20200329-WA0005-1.jpg\" class=\"attachment-large size-large wp-image-51\" alt=\"\" srcset=\"https:\/\/fanfarefeelen.lu\/wpcj\/wp-content\/uploads\/2020\/03\/IMG-20200329-WA0005-1.jpg 1000w, https:\/\/fanfarefeelen.lu\/wpcj\/wp-content\/uploads\/2020\/03\/IMG-20200329-WA0005-1-300x200.jpg 300w, https:\/\/fanfarefeelen.lu\/wpcj\/wp-content\/uploads\/2020\/03\/IMG-20200329-WA0005-1-768x512.jpg 768w\" sizes=\"(max-width: 1000px) 100vw, 1000px\" \/>\t\t\t\t\t\t\t\t\t\t\t\t\t\t\t<\/div>\n\t\t\t\t<\/div>\n\t\t\t\t\t<\/div>\n\t\t<\/div>\n\t\t\t\t\t<\/div>\n\t\t<\/section>\n\t\t\t\t<section class=\"elementor-section elementor-top-section elementor-element elementor-element-1b1570e elementor-section-boxed elementor-section-height-default elementor-section-height-default\" data-id=\"1b1570e\" data-element_type=\"section\" data-settings=\"{&quot;background_background&quot;:&quot;classic&quot;}\">\n\t\t\t\t\t\t<div class=\"elementor-container elementor-column-gap-default\">\n\t\t\t\t\t<div class=\"elementor-column elementor-col-50 elementor-top-column elementor-element elementor-element-e3797a8\" data-id=\"e3797a8\" data-element_type=\"column\">\n\t\t\t<div class=\"elementor-widget-wrap elementor-element-populated\">\n\t\t\t\t\t\t<section class=\"elementor-section elementor-inner-section elementor-element elementor-element-d545f25 elementor-section-height-min-height elementor-section-boxed elementor-section-height-default\" data-id=\"d545f25\" data-element_type=\"section\" data-settings=\"{&quot;background_background&quot;:&quot;classic&quot;}\">\n\t\t\t\t\t\t\t<div class=\"elementor-background-overlay\"><\/div>\n\t\t\t\t\t\t\t<div class=\"elementor-container elementor-column-gap-default\">\n\t\t\t\t\t<div class=\"elementor-column elementor-col-100 elementor-inner-column elementor-element elementor-element-9ed9b15\" data-id=\"9ed9b15\" data-element_type=\"column\">\n\t\t\t<div class=\"elementor-widget-wrap\">\n\t\t\t\t\t\t\t<\/div>\n\t\t<\/div>\n\t\t\t\t\t<\/div>\n\t\t<\/section>\n\t\t\t\t\t<\/div>\n\t\t<\/div>\n\t\t\t\t<div class=\"elementor-column elementor-col-50 elementor-top-column elementor-element elementor-element-22c30ed\" data-id=\"22c30ed\" data-element_type=\"column\">\n\t\t\t<div class=\"elementor-widget-wrap elementor-element-populated\">\n\t\t\t\t\t\t<div class=\"elementor-element elementor-element-0e26ab6 elementor-widget-divider--view-line elementor-widget elementor-widget-divider\" data-id=\"0e26ab6\" data-element_type=\"widget\" data-widget_type=\"divider.default\">\n\t\t\t\t<div class=\"elementor-widget-container\">\n\t\t\t\t\t\t\t<div class=\"elementor-divider\">\n\t\t\t<span class=\"elementor-divider-separator\">\n\t\t\t\t\t\t<\/span>\n\t\t<\/div>\n\t\t\t\t\t\t<\/div>\n\t\t\t\t<\/div>\n\t\t\t\t<div class=\"elementor-element elementor-element-e29ff59 elementor-widget elementor-widget-heading\" data-id=\"e29ff59\" data-element_type=\"widget\" data-widget_type=\"heading.default\">\n\t\t\t\t<div class=\"elementor-widget-container\">\n\t\t\t\t\t<h2 class=\"elementor-heading-title elementor-size-default\">Vun 2006 bis 2014<\/h2>\t\t\t\t<\/div>\n\t\t\t\t<\/div>\n\t\t\t\t<div class=\"elementor-element elementor-element-77e09d4 elementor-widget elementor-widget-heading\" data-id=\"77e09d4\" data-element_type=\"widget\" data-widget_type=\"heading.default\">\n\t\t\t\t<div class=\"elementor-widget-container\">\n\t\t\t\t\t<h2 class=\"elementor-heading-title elementor-size-default\">Iwwert d\u2019 Jo\u00ebren huet de Ver\u00e4in verstanen fir d\u2019 Duerfliewen oofwiesselungsr\u00e4ich ze gestalten an natierlech och d\u2019 Keess opzebesseren. Do wieren d\u2019Fuesbaaler, di grouss Baaler an den 90er, Baaler um Haff, Fester am Oktober, K\u00e4erzenowend asw. Dob\u00e4i goufen et och \u00ebmmer er\u00ebm nei Impulser fir de Ver\u00e4in besser zesummen ze halen w\u00e9i z.B. d\u2019Betrei\u00ebn vun den neien Musikanten duerch ee P\u00e4tter oder eng Giedel. Vill vun de positiven Impulsen koumen vum Jean-Marie Thein, deen insgesamt 33 Jo\u00ebr richtungsweisend fir d\u2019 musikalescht an aussermusikalischt Ver\u00e4insliewen gewierkt hott. Matt enger sch\u00e9iner Feier gouf d\u00ebst Kapitel dann 2014 ofgeschloss an den aktuellen Dirigent Patrick Wilhelm iwwerholl huet.<\/h2>\t\t\t\t<\/div>\n\t\t\t\t<\/div>\n\t\t\t\t<div class=\"elementor-element elementor-element-e6587f4 elementor-widget-divider--view-line elementor-widget elementor-widget-divider\" data-id=\"e6587f4\" data-element_type=\"widget\" data-widget_type=\"divider.default\">\n\t\t\t\t<div class=\"elementor-widget-container\">\n\t\t\t\t\t\t\t<div class=\"elementor-divider\">\n\t\t\t<span class=\"elementor-divider-separator\">\n\t\t\t\t\t\t<\/span>\n\t\t<\/div>\n\t\t\t\t\t\t<\/div>\n\t\t\t\t<\/div>\n\t\t\t\t\t<\/div>\n\t\t<\/div>\n\t\t\t\t\t<\/div>\n\t\t<\/section>\n\t\t\t\t<section class=\"elementor-section elementor-top-section elementor-element elementor-element-487d0fe elementor-section-boxed elementor-section-height-default elementor-section-height-default\" data-id=\"487d0fe\" data-element_type=\"section\" data-settings=\"{&quot;background_background&quot;:&quot;classic&quot;}\">\n\t\t\t\t\t\t<div class=\"elementor-container elementor-column-gap-default\">\n\t\t\t\t\t<div class=\"elementor-column elementor-col-50 elementor-top-column elementor-element elementor-element-6166801\" data-id=\"6166801\" data-element_type=\"column\">\n\t\t\t<div class=\"elementor-widget-wrap elementor-element-populated\">\n\t\t\t\t\t\t<div class=\"elementor-element elementor-element-4b60ecc elementor-widget-divider--view-line elementor-widget elementor-widget-divider\" data-id=\"4b60ecc\" data-element_type=\"widget\" data-widget_type=\"divider.default\">\n\t\t\t\t<div class=\"elementor-widget-container\">\n\t\t\t\t\t\t\t<div class=\"elementor-divider\">\n\t\t\t<span class=\"elementor-divider-separator\">\n\t\t\t\t\t\t<\/span>\n\t\t<\/div>\n\t\t\t\t\t\t<\/div>\n\t\t\t\t<\/div>\n\t\t\t\t<div class=\"elementor-element elementor-element-88fd974 elementor-widget elementor-widget-heading\" data-id=\"88fd974\" data-element_type=\"widget\" data-widget_type=\"heading.default\">\n\t\t\t\t<div class=\"elementor-widget-container\">\n\t\t\t\t\t<h2 class=\"elementor-heading-title elementor-size-default\">Vun 2000 bis 2006<\/h2>\t\t\t\t<\/div>\n\t\t\t\t<\/div>\n\t\t\t\t<div class=\"elementor-element elementor-element-5911a4e elementor-widget elementor-widget-heading\" data-id=\"5911a4e\" data-element_type=\"widget\" data-widget_type=\"heading.default\">\n\t\t\t\t<div class=\"elementor-widget-container\">\n\t\t\t\t\t<h2 class=\"elementor-heading-title elementor-size-default\">D\u2019Joer 2002 r\u00e9ckt \u00ebmmer m\u00e9i no, an domat och d\u2019Pr\u00e9paratioune fir eise \u201ccentenaire\u201d. 1999 Start den nei gegr\u00ebnnten Organisatiounscomit\u00e9 \u00ebnnert der Presidentschaft vun eisem \u00c9ierepresident mat den Aarbechte fir d\u2019Jubil\u00e4umsfeierlechkeeten. Dat ass ee vills\u00e4itegen an attraktive Programm,  gekr\u00e9int mat enger ganzer Palette vun h\u00e9ichkar\u00e4tegen Concerte w\u00e9i z.B. dee vun der Milit\u00e4rmusek, dee vum Gesangsensemble vum Ettelbrecker Conservatoire, dee vum Quintette classique, an awer och dee vun eiser Musek, d\u00e9i esou ee gudde Laaf hat, dat eise Chef zesumme mat de Musikanten nach een drop setze wollt, n\u00e4\u00e4mlech d\u2019Participatioun um UGDA-Concours zu Veianen, mam Ziel, no siwe Joer nach eng K\u00e9ier ze steigen. Eemol m\u00e9i wousst de Chef mat senger Pers\u00e9inlechkeet a mat sengem Charisma d\u2019Musikanten ze motiv\u00e9ieren a mat enger onemstriddener Energieleeschtung op d\u00ebsen  Challenge virzebereeden. De memorablen Dag war s\u00e9ier do. D\u2019Musikanten hu mat enger onverkennbarer S\u00e9cherheet a Selbstbeherrschung fir hire Chef a sech gek\u00e4mpft a sech musikalesch iwwertraff. Nom M\u00ebttegiesse gong et an der batterer H\u00ebtzt am Cort\u00e8ge zr\u00e9ck an d\u2019Larei, fir mat Spannung d\u2019Proklamatioun vum Resultat ofzewarden. Et war eng regelrecht Konsekratioun fir eise Chef a seng Musikanten. E Premier Prix avec grande distinction an den Opstieg an d\u2019Division Excellence. D\u2019Joer 2002 war  fir de Ver\u00e4in sprechwiertlech d\u2019Superjoer. Nach ni virdru war a sou kuerzer Zeit sou konsequent a mat esou vill Erfolleg geschafft ginn. D\u2019Musek sollt awer och fir d\u00e9i vill  M\u00e9i belount ginn, w\u00e9i se vun der UGDA s\u00e9lection\u00e9iert  gouf, fir zu Wien um Blasmusikfestival am Joer 2003 deelzehuelen.<\/h2>\t\t\t\t<\/div>\n\t\t\t\t<\/div>\n\t\t\t\t<div class=\"elementor-element elementor-element-e762663 readmoretoggle elementor-widget elementor-widget-toggle\" data-id=\"e762663\" data-element_type=\"widget\" data-widget_type=\"toggle.default\">\n\t\t\t\t<div class=\"elementor-widget-container\">\n\t\t\t\t\t\t\t<div class=\"elementor-toggle\">\n\t\t\t\t\t\t\t<div class=\"elementor-toggle-item\">\n\t\t\t\t\t<div id=\"elementor-tab-title-2421\" class=\"elementor-tab-title\" data-tab=\"1\" role=\"button\" aria-controls=\"elementor-tab-content-2421\" aria-expanded=\"false\">\n\t\t\t\t\t\t\t\t\t\t\t\t<span class=\"elementor-toggle-icon elementor-toggle-icon-left\" aria-hidden=\"true\">\n\t\t\t\t\t\t\t\t\t\t\t\t\t\t\t<span class=\"elementor-toggle-icon-closed\"><i class=\"fas fa-chevron-down\"><\/i><\/span>\n\t\t\t\t\t\t\t\t<span class=\"elementor-toggle-icon-opened\"><i class=\"elementor-toggle-icon-opened fas fa-caret-up\"><\/i><\/span>\n\t\t\t\t\t\t\t\t\t\t\t\t\t<\/span>\n\t\t\t\t\t\t\t\t\t\t\t\t<a class=\"elementor-toggle-title\" tabindex=\"0\">Read More<\/a>\n\t\t\t\t\t<\/div>\n\n\t\t\t\t\t<div id=\"elementor-tab-content-2421\" class=\"elementor-tab-content elementor-clearfix\" data-tab=\"1\" role=\"region\" aria-labelledby=\"elementor-tab-title-2421\"><p>Wien war mat Secherheet dat Top-Erliefnes fir eise Ver\u00e4in. Um Michaelaplatz hannert der Hofburg konnte mir e flotte Concert spillen an dorop ware mir stolz. Bei 34 Grad H\u00ebtzt hu mir zesumme mat Museken aus 8 verschiddene L\u00e4nner am Schlassgaart vum Schlass Sch\u00f6nbrunn geprouft fir den Ofschlossconcert virum Rathaus .W\u00e4hrend eisem Openthalt zu Wien hunn d\u2019Musikante sech duerch eng exemplaresch Disziplin ausgezeechent an domat d\u2019Fr\u00ebndschaft an d\u2019Homog\u00e9nit\u00e9it am Ver\u00e4in gefestegt.<\/p><p>Zu \u00c9ieren vun deem Erliefnes gouf de Gala-Concert 2004 een \u00e9istreicheschen Programm gespillt. Dat selwecht Jo\u00ebr gouf och fir d\u2019 \u00e9ischt de Proufweekend \u2013 ee ganzen Weekend prouwen an m\u00e9i kollegial Besch\u00e4ftegungen &#8211; agefouert, an den \u00e9ischten Joeren zu Bitburg, duerno och eemol zu Feelen an zenterhier zu Housen. Ebenfalls 2004 wor een Ausfluch mat der Jugend an d\u2019 Phantasialand, deen ganz appr\u00e9ci\u00e9iert gouf.<\/p><p>Den Highlight vun 2006 woer d\u2019 Participatioun bei den Orph\u00e9onies zu Par\u00e4is mat engem Concert bei der Notre-Dame an een mam Eifeltuerm am R\u00e9ck.<\/p><\/div>\n\t\t\t\t<\/div>\n\t\t\t\t\t\t\t\t<\/div>\n\t\t\t\t\t\t<\/div>\n\t\t\t\t<\/div>\n\t\t\t\t<div class=\"elementor-element elementor-element-0a25ff6 elementor-widget-divider--view-line elementor-widget elementor-widget-divider\" data-id=\"0a25ff6\" data-element_type=\"widget\" data-widget_type=\"divider.default\">\n\t\t\t\t<div class=\"elementor-widget-container\">\n\t\t\t\t\t\t\t<div class=\"elementor-divider\">\n\t\t\t<span class=\"elementor-divider-separator\">\n\t\t\t\t\t\t<\/span>\n\t\t<\/div>\n\t\t\t\t\t\t<\/div>\n\t\t\t\t<\/div>\n\t\t\t\t\t<\/div>\n\t\t<\/div>\n\t\t\t\t<div class=\"elementor-column elementor-col-50 elementor-top-column elementor-element elementor-element-5f64db6\" data-id=\"5f64db6\" data-element_type=\"column\">\n\t\t\t<div class=\"elementor-widget-wrap elementor-element-populated\">\n\t\t\t\t\t\t<section class=\"elementor-section elementor-inner-section elementor-element elementor-element-037f0a5 elementor-section-height-min-height elementor-section-boxed elementor-section-height-default\" data-id=\"037f0a5\" data-element_type=\"section\" data-settings=\"{&quot;background_background&quot;:&quot;classic&quot;}\">\n\t\t\t\t\t\t\t<div class=\"elementor-background-overlay\"><\/div>\n\t\t\t\t\t\t\t<div class=\"elementor-container elementor-column-gap-default\">\n\t\t\t\t\t<div class=\"elementor-column elementor-col-100 elementor-inner-column elementor-element elementor-element-b959d25\" data-id=\"b959d25\" data-element_type=\"column\">\n\t\t\t<div class=\"elementor-widget-wrap\">\n\t\t\t\t\t\t\t<\/div>\n\t\t<\/div>\n\t\t\t\t\t<\/div>\n\t\t<\/section>\n\t\t\t\t\t<\/div>\n\t\t<\/div>\n\t\t\t\t\t<\/div>\n\t\t<\/section>\n\t\t\t\t<section class=\"elementor-section elementor-top-section elementor-element elementor-element-16d47f5c elementor-section-boxed elementor-section-height-default elementor-section-height-default\" data-id=\"16d47f5c\" data-element_type=\"section\" data-settings=\"{&quot;background_background&quot;:&quot;classic&quot;}\">\n\t\t\t\t\t\t<div class=\"elementor-container elementor-column-gap-default\">\n\t\t\t\t\t<div class=\"elementor-column elementor-col-50 elementor-top-column elementor-element elementor-element-606ec029\" data-id=\"606ec029\" data-element_type=\"column\">\n\t\t\t<div class=\"elementor-widget-wrap elementor-element-populated\">\n\t\t\t\t\t\t<section class=\"elementor-section elementor-inner-section elementor-element elementor-element-215180db elementor-section-height-min-height elementor-section-boxed elementor-section-height-default\" data-id=\"215180db\" data-element_type=\"section\" data-settings=\"{&quot;background_background&quot;:&quot;classic&quot;}\">\n\t\t\t\t\t\t\t<div class=\"elementor-background-overlay\"><\/div>\n\t\t\t\t\t\t\t<div class=\"elementor-container elementor-column-gap-default\">\n\t\t\t\t\t<div class=\"elementor-column elementor-col-100 elementor-inner-column elementor-element elementor-element-6fd99b59\" data-id=\"6fd99b59\" data-element_type=\"column\">\n\t\t\t<div class=\"elementor-widget-wrap\">\n\t\t\t\t\t\t\t<\/div>\n\t\t<\/div>\n\t\t\t\t\t<\/div>\n\t\t<\/section>\n\t\t\t\t\t<\/div>\n\t\t<\/div>\n\t\t\t\t<div class=\"elementor-column elementor-col-50 elementor-top-column elementor-element elementor-element-568633cf\" data-id=\"568633cf\" data-element_type=\"column\">\n\t\t\t<div class=\"elementor-widget-wrap elementor-element-populated\">\n\t\t\t\t\t\t<div class=\"elementor-element elementor-element-29e45765 elementor-widget-divider--view-line elementor-widget elementor-widget-divider\" data-id=\"29e45765\" data-element_type=\"widget\" data-widget_type=\"divider.default\">\n\t\t\t\t<div class=\"elementor-widget-container\">\n\t\t\t\t\t\t\t<div class=\"elementor-divider\">\n\t\t\t<span class=\"elementor-divider-separator\">\n\t\t\t\t\t\t<\/span>\n\t\t<\/div>\n\t\t\t\t\t\t<\/div>\n\t\t\t\t<\/div>\n\t\t\t\t<div class=\"elementor-element elementor-element-41c8453 elementor-widget elementor-widget-heading\" data-id=\"41c8453\" data-element_type=\"widget\" data-widget_type=\"heading.default\">\n\t\t\t\t<div class=\"elementor-widget-container\">\n\t\t\t\t\t<h2 class=\"elementor-heading-title elementor-size-default\">Vun 1970 bis 1999<\/h2>\t\t\t\t<\/div>\n\t\t\t\t<\/div>\n\t\t\t\t<div class=\"elementor-element elementor-element-44bc6be3 elementor-widget elementor-widget-heading\" data-id=\"44bc6be3\" data-element_type=\"widget\" data-widget_type=\"heading.default\">\n\t\t\t\t<div class=\"elementor-widget-container\">\n\t\t\t\t\t<h2 class=\"elementor-heading-title elementor-size-default\">Eis Musek ass direkt no hirer Gr\u00ebnnung, am Joer 1970, der \u201cCaisse mutuelle\u201d vun der UGDA b\u00e4igetratt. Den Aloyse Bormann war zu d\u00ebser Z\u00e4it President an de Marcel Thill Sekret\u00e4r. \u00cbnnert dem Impuls vum Leschtgenannten entstinn d\u00e9i \u00e9ischt international Kontakter. Sou zum Beispill mat den Holl\u00e4nner aus der Uertschaft Rosteren, d\u00e9i eis vun do u regelm\u00e9isseg besicht hunn, fir eng kuerz Z\u00e4it an eise Famillen ze wunnen an och Concerten ze spillen. Och mir hunn eis an Holland present\u00e9iert a gespillt. Den Ady Mootz hat am Laf vun de Joren eng stramm Musek mat engem gudde Stack vu s\u00e9chere Musikanten opgebaut, wou d\u2019Ausgeglachenheet vun denen verschiddene Register markant war. \u00cbnnert senger straffer Leedung spillt d\u2019Musek den 19. Mee 1974 zu Ettelbr\u00e9ck um Concours sou gutt w\u00e9i nach ni, a steigt mat engem Premier Prix avec grande distinction an d\u00e9i \u00e9ischt Divisioun. Et war endlech sou w\u00e4it ! D\u00e9i vill M\u00e9i war belount ginn, an d\u2019Ver\u00e4iner mat de Feelener Leit hunn deene 38 Musikanten een h\u00e4erzlechen Empfank bereet.<\/h2>\t\t\t\t<\/div>\n\t\t\t\t<\/div>\n\t\t\t\t<div class=\"elementor-element elementor-element-996d4aa readmoretoggle elementor-widget elementor-widget-toggle\" data-id=\"996d4aa\" data-element_type=\"widget\" data-widget_type=\"toggle.default\">\n\t\t\t\t<div class=\"elementor-widget-container\">\n\t\t\t\t\t\t\t<div class=\"elementor-toggle\">\n\t\t\t\t\t\t\t<div class=\"elementor-toggle-item\">\n\t\t\t\t\t<div id=\"elementor-tab-title-1601\" class=\"elementor-tab-title\" data-tab=\"1\" role=\"button\" aria-controls=\"elementor-tab-content-1601\" aria-expanded=\"false\">\n\t\t\t\t\t\t\t\t\t\t\t\t<span class=\"elementor-toggle-icon elementor-toggle-icon-left\" aria-hidden=\"true\">\n\t\t\t\t\t\t\t\t\t\t\t\t\t\t\t<span class=\"elementor-toggle-icon-closed\"><i class=\"fas fa-chevron-down\"><\/i><\/span>\n\t\t\t\t\t\t\t\t<span class=\"elementor-toggle-icon-opened\"><i class=\"elementor-toggle-icon-opened fas fa-caret-up\"><\/i><\/span>\n\t\t\t\t\t\t\t\t\t\t\t\t\t<\/span>\n\t\t\t\t\t\t\t\t\t\t\t\t<a class=\"elementor-toggle-title\" tabindex=\"0\">Read More<\/a>\n\t\t\t\t\t<\/div>\n\n\t\t\t\t\t<div id=\"elementor-tab-content-1601\" class=\"elementor-tab-content elementor-clearfix\" data-tab=\"1\" role=\"region\" aria-labelledby=\"elementor-tab-title-1601\"><p>Sechs Joer m\u00e9i sp\u00e9it geet d\u2019Musek nach eng K\u00e9ier op Zolwer-Bieles, fir um Concours vun der UGDA deelzehuelen. Mat engem \u00e9ischte Pr\u00e4is goufen d\u2019Erwaardungen net ganz erf\u00ebllt. Den H\u00e4r Mootz demission\u00e9iert am Hierscht 1981<\/p><p>De Jean-Marie Thein gouf Dirigent. Och wann hee r\u00e9icht 23 Joer al war, huet hee mat senger lockerer a jovialer Aart s\u00e9ier Sympathie fonnt. Deen neie Chef hat ee kloert Konzept an de Stil huet chang\u00e9iert. D\u2019Formatioun vun eise Sch\u00fcler hat elo Priorit\u00e9it, an dat iwwert de richtege Wee vun der Museksschoul. Dem Jean-Marie s\u00e4in \u00e9ischte Challenge war 1987 de Concours zu Ettelbr\u00e9ck, wou eis Musek brillant ofgeschnidden an Erfolleg him Recht ginn huet. Op d\u2019Propositioun vun der UGDA huet d\u2019Musek \u00ebmmer m\u00e9i den internationale Kontakt gesicht, an d\u2019F\u00fchler m\u00e9i w\u00e4it ausgestreckt.<\/p><p>D\u2019amerikanesch Studente vum \u201cBlue Lake Camp\u201d aus dem Staat Michigan sinn eng \u00e9ischte K\u00e9ier op Felen invit\u00e9iert ginn. Hire Concert war een ausgesprachene Leckerb\u00ebssen. A well si sou gutt gefall hunn, konnte si am Laf vun de Joren \u00ebmmer nees zr\u00e9ckkommen. Bei d\u00ebse Gelee\u00ebnheeten huet de Marcel Thill sech mat vill L\u00e9ift em d\u2019Organisatioun bek\u00ebmmert an dofir gesuergt, datt d\u2019Amerikaner an eise Famille gutt betreit goufen. Als Merci fir des Initiativ kruten eng Rei vun eise jonke Musikanten eng Bourse fir an Amerika ze goen, an do am Summer op engem Camp deelzehuelen, wat hinne s\u00e9cher profit\u00e9iert a gefall huet. All Rendez-vous mat den Amerikaner war e fantastescht Erliefnes, an de Kontakt besteet bis haut. No 10 Joer Fr\u00ebndschaft an Zesummenaarbecht koum 1989 den absoluten H\u00e9ichpunkt: Eisen \u00e9ischten Trip an Amerika! De Kontakt mat eise Gaaschtfamillen, touristesch Highlights, onvergiesslech Concerten, \u00ebnner anerem um Camp selwer, awer och op der Miami University am Staat Ohio, wou mir vum beschtbekannten H\u00e4r Dolibois begr\u00e9isst goufen, bleiwe fir \u00ebmmer a gudder Er\u00ebnnerung.<\/p><p>Fir eis Musek huet sech d\u2019Aarbecht vun der Museksschoul lues a lues bezuelt gemaach, an \u00ebnnert dene jonke Leit si vill staark Musikanten eropgewuess, d\u00e9i s\u00e4mtlech Register verst\u00e4erkt hunn. D\u00e9i n\u00e4chst Erausfuerderung huet schon op eis gewaart an de Chef huet mat engem exemplareschen \u00c4ifer drop higeschafft: De Concours am Mee 1995 zu Waasserb\u00eblleg. De ganzen Dag huet d\u2019Sonn gelaacht, an d\u00e9i vill Aarbecht vun deene leschte Wochen huet eis S\u00e9cherheet a Vertraue gin. D\u2019St\u00ebmmung war dee ganzen Dag ausgeloossen an huet sech nach bei der Proklamatioun vum Resultat gesteigert. Et war den H\u00e9ichpunkt: Eng Grande Distinction an den Opstig aus der \u00e9ischter Divisioun an d\u2019Division Sup\u00e9rieure. Eise Chef hat s\u00e4i gr\u00e9isst Erfollegserliefnis an hat dat riedlech verd\u00e9ngt!<\/p><p>Den 1. Mee 1984 gouf de Lottos-Club vun der Musek gegr\u00ebnnt, am deem praktesch all d\u2019Musikanten Member sinn a j\u00e4erlech an eng Caisse abezuelen. Op des Man\u00e9ier konnten eng ganz Partie Instrumenter kaaft ginn. De Fellens Georges huet d\u2019Gestioun vum Lottos-Club vum \u00e9ischten Dag u fest a s\u00e9nger Hand, a m\u00e9cht dat mat Pr\u00e4zisioun. D\u00ebse Club organis\u00e9iert \u00ebnner anerem all Joer ee Grillfest fir eis Famill a Fr\u00ebnn, een Troterbal fir d\u2019Fuesend a s\u00e4it 1990 dat scho bal traditionellt F\u00ebschbroden op Karfreideg. Am Joer 1991 g\u00ebt de Marcel Thill President.<\/p><p>Vum 16. bis zum 30. August 1997 flitt d\u2019Musek eng zweete K\u00e9ier an Amerika. De Wee geet r\u00ebm an de Camp am Michigan a bei eis Gaaschtfamiljen, vun dene mir schonns eng Partie kannt hunn. D\u2019Musek spillt Concerte vum Camp bis op Lansing an op Cleveland an Ohio. Dat touristescht k\u00ebnnt och net ze kuerz, w\u00e9i z.B. ee St\u00e9ck Geschicht Amerika am Henry Ford Mus\u00e9e zu Detroit an dat grandiost Naturschauspill vun den Niagara Falls mat engem Ofstiecher a Kanada.<\/p><p>De Marcel Thill demission\u00e9iert, fir eis als Eierepresident trei ze bleiwen an de Jang Berns g\u00ebtt duerno als President vun der Musek gewielt. Zesumme mam Chef a mam Comit\u00e9 huet hien ee Konzept, dat um Teamwork bas\u00e9iert, a wou d\u2019Haaptgewiicht op der Ausbildung vun eise Sch\u00fcler l\u00e4it. Bei de Concerten, a besonnesch beim Galaconcert g\u00ebtt d\u2019Lat \u00ebmmer m\u00e9i h\u00e9ich geluegt, sou datt den Niveau noutgedrongen an d\u2019Luucht geet an d\u2019Programmer, d\u00e9i gespickt mat popul\u00e4rer Musek sinn, spriechen d\u2019Leit un. An engem Interwall vu 4 Joer spillt d\u2019Musek och een \u201cConcert spirituell\u201c an der Parkierch. D\u00ebst ass ee ganz dankbare Rendez-vous. Am Ver\u00e4in ass eng gudd Ambiance, et g\u00ebtt ganz vill geschafft, wat der Musekskeess n\u00ebmme konnt notzen, sou datt d\u2019Finanzen och gesond ginn. Dofir konnt d\u2019Musek am Oktober 1998 fir 2 Deeg op Hannover op d\u2019Weltausstellung fueren. Dr\u00e4i Joer duerno koum den n\u00e4chsten Trip an de beschtbekannten Europa-Park op Rust. Hei gouf sech ganz ausgeloossen am\u00ebs\u00e9iert, an op eiser R\u00e9ckrees gong et duerch den Elsass, wou mir eis de \u201cCort\u00e8ge m\u00e9di\u00e9val\u201c zu Ribeauvill\u00e9 net entgoe gelooss hunn.<\/p><p>Eng vun de wichtegsten Aktivit\u00e9iten an och eng onverzichtbar Finanzspr\u00ebtz fir eis Musek ass den Theater. \u00cbnnert der Regie vum Wilma Schaltz a vum Guy Storn huet sech een Team fond, dat nit n\u00ebmmen flotten a l\u00ebschtegen Theater spillt, m\u00e4 wat sech am Laf vun de Joren als \u00c9quipe vu Fr\u00ebnn gesteigert huet. Den Theater ass eng Aart Institutioun ginn, d\u00e9i iwwert d\u2019Grenze vun eiser Uertschaft eng zolitt Reputatioun fond huet.<\/p><\/div>\n\t\t\t\t<\/div>\n\t\t\t\t\t\t\t\t<\/div>\n\t\t\t\t\t\t<\/div>\n\t\t\t\t<\/div>\n\t\t\t\t<div class=\"elementor-element elementor-element-6f3244d4 elementor-widget-divider--view-line elementor-widget elementor-widget-divider\" data-id=\"6f3244d4\" data-element_type=\"widget\" data-widget_type=\"divider.default\">\n\t\t\t\t<div class=\"elementor-widget-container\">\n\t\t\t\t\t\t\t<div class=\"elementor-divider\">\n\t\t\t<span class=\"elementor-divider-separator\">\n\t\t\t\t\t\t<\/span>\n\t\t<\/div>\n\t\t\t\t\t\t<\/div>\n\t\t\t\t<\/div>\n\t\t\t\t\t<\/div>\n\t\t<\/div>\n\t\t\t\t\t<\/div>\n\t\t<\/section>\n\t\t\t\t<section class=\"elementor-section elementor-top-section elementor-element elementor-element-1f7f64c4 elementor-section-boxed elementor-section-height-default elementor-section-height-default\" data-id=\"1f7f64c4\" data-element_type=\"section\" data-settings=\"{&quot;background_background&quot;:&quot;classic&quot;}\">\n\t\t\t\t\t\t<div class=\"elementor-container elementor-column-gap-default\">\n\t\t\t\t\t<div class=\"elementor-column elementor-col-50 elementor-top-column elementor-element elementor-element-4752af90\" data-id=\"4752af90\" data-element_type=\"column\">\n\t\t\t<div class=\"elementor-widget-wrap elementor-element-populated\">\n\t\t\t\t\t\t<div class=\"elementor-element elementor-element-26b86146 elementor-widget-divider--view-line elementor-widget elementor-widget-divider\" data-id=\"26b86146\" data-element_type=\"widget\" data-widget_type=\"divider.default\">\n\t\t\t\t<div class=\"elementor-widget-container\">\n\t\t\t\t\t\t\t<div class=\"elementor-divider\">\n\t\t\t<span class=\"elementor-divider-separator\">\n\t\t\t\t\t\t<\/span>\n\t\t<\/div>\n\t\t\t\t\t\t<\/div>\n\t\t\t\t<\/div>\n\t\t\t\t<div class=\"elementor-element elementor-element-706ed332 elementor-widget elementor-widget-heading\" data-id=\"706ed332\" data-element_type=\"widget\" data-widget_type=\"heading.default\">\n\t\t\t\t<div class=\"elementor-widget-container\">\n\t\t\t\t\t<h2 class=\"elementor-heading-title elementor-size-default\">Vun 1960 bis 1970<\/h2>\t\t\t\t<\/div>\n\t\t\t\t<\/div>\n\t\t\t\t<div class=\"elementor-element elementor-element-eae1fd5 elementor-widget elementor-widget-heading\" data-id=\"eae1fd5\" data-element_type=\"widget\" data-widget_type=\"heading.default\">\n\t\t\t\t<div class=\"elementor-widget-container\">\n\t\t\t\t\t<h2 class=\"elementor-heading-title elementor-size-default\">D\u2019Musek huet sech no an no \u00ebmmer m\u00e9i staark am Duerfliewen engag\u00e9iert an un den traditionelle Feierlechkeeten deelgeholl. Sou zum Beispill beim Kleeschen, bei der Kommunioun, beim Nationalfeierdag, d\u00e9i der Journ\u00e9e Comm\u00e9morative, bei der Fuesent asw. Och ausw\u00e4erts ass eis Musek vill m\u00e9i oft opgetrueden, an eng nei Formel vun Austauschconcerten huet sech duerchgesat. D\u00e9i grouss Museksfamill l\u00e9iert sech op d\u00ebs Man\u00e9ier kennen. <\/h2>\t\t\t\t<\/div>\n\t\t\t\t<\/div>\n\t\t\t\t<div class=\"elementor-element elementor-element-88d455e readmoretoggle elementor-widget elementor-widget-toggle\" data-id=\"88d455e\" data-element_type=\"widget\" data-widget_type=\"toggle.default\">\n\t\t\t\t<div class=\"elementor-widget-container\">\n\t\t\t\t\t\t\t<div class=\"elementor-toggle\">\n\t\t\t\t\t\t\t<div class=\"elementor-toggle-item\">\n\t\t\t\t\t<div id=\"elementor-tab-title-1431\" class=\"elementor-tab-title\" data-tab=\"1\" role=\"button\" aria-controls=\"elementor-tab-content-1431\" aria-expanded=\"false\">\n\t\t\t\t\t\t\t\t\t\t\t\t<span class=\"elementor-toggle-icon elementor-toggle-icon-left\" aria-hidden=\"true\">\n\t\t\t\t\t\t\t\t\t\t\t\t\t\t\t<span class=\"elementor-toggle-icon-closed\"><i class=\"fas fa-chevron-down\"><\/i><\/span>\n\t\t\t\t\t\t\t\t<span class=\"elementor-toggle-icon-opened\"><i class=\"elementor-toggle-icon-opened fas fa-caret-up\"><\/i><\/span>\n\t\t\t\t\t\t\t\t\t\t\t\t\t<\/span>\n\t\t\t\t\t\t\t\t\t\t\t\t<a class=\"elementor-toggle-title\" tabindex=\"0\">Read More<\/a>\n\t\t\t\t\t<\/div>\n\n\t\t\t\t\t<div id=\"elementor-tab-content-1431\" class=\"elementor-tab-content elementor-clearfix\" data-tab=\"1\" role=\"region\" aria-labelledby=\"elementor-tab-title-1431\"><p>Den Ady Mootz huet a relative kuerzer Z\u00e4it vill um musikaleschen Niveau bewierkt, a present\u00e9iert sech 1961 mat eis zu Ettelbr\u00e9ck um Concours. Resultat: Premier Prix avec distinction. 1963 feiert eis Uertschaft zesumme mat der Stat L\u00ebtzebuerg de \u201cMill\u00e9naire\u201d, an d\u2019Musek ass eemol m\u00e9i gefuerdert. Mat Stolz ka si bei d\u00ebsem memorable Fest hiren neie F\u00e4ndel present\u00e9ieren.<\/p><p>1965 huet eise Sous-Chef, de Flesch Misch, zesumme mat e puer jonke Musikanten, eisen Danzorchester oder \u00ab d\u2019Str\u00ebpp \u00bb vun der Felener Musek gegr\u00ebnnt. D\u2019Optr\u00ebtter vun d\u00ebser sympathescher Formatioun, d\u00e9i et \u00ebmmerhi scho bis bei eng Musikantenhochz\u00e4it a Polen bruecht huet, gefale mat Freed, Humor a Witz. Fir d\u2019Caisse vum Ver\u00e4in ze st\u00e4erke gouf et all Joer een Duerffest, deemools och \u00ab kermesse flamande \u00bb genannt, wou d\u2019Leit sech gutt am\u00ebs\u00e9iert hunn. D\u00ebs Manifestatioun hu mir 1967 duerch een Zeltfest ersat.<\/p><p>Eng vun hire gr\u00e9issten Entt\u00e4uschungen erliewen d\u2019Musikante mat hirem Chef Mootz 1967 um Concours zu Bieles, w\u00e9i de Sprong vun der zweeter an di \u00e9ischt Divisioun ganz knapp verpasst gouf.<\/p><\/div>\n\t\t\t\t<\/div>\n\t\t\t\t\t\t\t\t<\/div>\n\t\t\t\t\t\t<\/div>\n\t\t\t\t<\/div>\n\t\t\t\t<div class=\"elementor-element elementor-element-6e3a7114 elementor-widget-divider--view-line elementor-widget elementor-widget-divider\" data-id=\"6e3a7114\" data-element_type=\"widget\" data-widget_type=\"divider.default\">\n\t\t\t\t<div class=\"elementor-widget-container\">\n\t\t\t\t\t\t\t<div class=\"elementor-divider\">\n\t\t\t<span class=\"elementor-divider-separator\">\n\t\t\t\t\t\t<\/span>\n\t\t<\/div>\n\t\t\t\t\t\t<\/div>\n\t\t\t\t<\/div>\n\t\t\t\t\t<\/div>\n\t\t<\/div>\n\t\t\t\t<div class=\"elementor-column elementor-col-50 elementor-top-column elementor-element elementor-element-d87572f\" data-id=\"d87572f\" data-element_type=\"column\">\n\t\t\t<div class=\"elementor-widget-wrap elementor-element-populated\">\n\t\t\t\t\t\t<section class=\"elementor-section elementor-inner-section elementor-element elementor-element-7421a93d elementor-section-height-min-height elementor-section-boxed elementor-section-height-default\" data-id=\"7421a93d\" data-element_type=\"section\" data-settings=\"{&quot;background_background&quot;:&quot;classic&quot;}\">\n\t\t\t\t\t\t\t<div class=\"elementor-background-overlay\"><\/div>\n\t\t\t\t\t\t\t<div class=\"elementor-container elementor-column-gap-default\">\n\t\t\t\t\t<div class=\"elementor-column elementor-col-100 elementor-inner-column elementor-element elementor-element-2f184a20\" data-id=\"2f184a20\" data-element_type=\"column\">\n\t\t\t<div class=\"elementor-widget-wrap\">\n\t\t\t\t\t\t\t<\/div>\n\t\t<\/div>\n\t\t\t\t\t<\/div>\n\t\t<\/section>\n\t\t\t\t\t<\/div>\n\t\t<\/div>\n\t\t\t\t\t<\/div>\n\t\t<\/section>\n\t\t\t\t<section class=\"elementor-section elementor-top-section elementor-element elementor-element-2e287deb elementor-section-boxed elementor-section-height-default elementor-section-height-default\" data-id=\"2e287deb\" data-element_type=\"section\" data-settings=\"{&quot;background_background&quot;:&quot;classic&quot;}\">\n\t\t\t\t\t\t<div class=\"elementor-container elementor-column-gap-default\">\n\t\t\t\t\t<div class=\"elementor-column elementor-col-50 elementor-top-column elementor-element elementor-element-b80f8ef\" data-id=\"b80f8ef\" data-element_type=\"column\">\n\t\t\t<div class=\"elementor-widget-wrap elementor-element-populated\">\n\t\t\t\t\t\t<section class=\"elementor-section elementor-inner-section elementor-element elementor-element-135595c6 elementor-section-height-min-height elementor-section-boxed elementor-section-height-default\" data-id=\"135595c6\" data-element_type=\"section\" data-settings=\"{&quot;background_background&quot;:&quot;classic&quot;}\">\n\t\t\t\t\t\t\t<div class=\"elementor-background-overlay\"><\/div>\n\t\t\t\t\t\t\t<div class=\"elementor-container elementor-column-gap-default\">\n\t\t\t\t\t<div class=\"elementor-column elementor-col-100 elementor-inner-column elementor-element elementor-element-7c340418\" data-id=\"7c340418\" data-element_type=\"column\">\n\t\t\t<div class=\"elementor-widget-wrap\">\n\t\t\t\t\t\t\t<\/div>\n\t\t<\/div>\n\t\t\t\t\t<\/div>\n\t\t<\/section>\n\t\t\t\t\t<\/div>\n\t\t<\/div>\n\t\t\t\t<div class=\"elementor-column elementor-col-50 elementor-top-column elementor-element elementor-element-417d70b7\" data-id=\"417d70b7\" data-element_type=\"column\">\n\t\t\t<div class=\"elementor-widget-wrap elementor-element-populated\">\n\t\t\t\t\t\t<div class=\"elementor-element elementor-element-285dba4 elementor-widget-divider--view-line elementor-widget elementor-widget-divider\" data-id=\"285dba4\" data-element_type=\"widget\" data-widget_type=\"divider.default\">\n\t\t\t\t<div class=\"elementor-widget-container\">\n\t\t\t\t\t\t\t<div class=\"elementor-divider\">\n\t\t\t<span class=\"elementor-divider-separator\">\n\t\t\t\t\t\t<\/span>\n\t\t<\/div>\n\t\t\t\t\t\t<\/div>\n\t\t\t\t<\/div>\n\t\t\t\t<div class=\"elementor-element elementor-element-3122a650 elementor-widget elementor-widget-heading\" data-id=\"3122a650\" data-element_type=\"widget\" data-widget_type=\"heading.default\">\n\t\t\t\t<div class=\"elementor-widget-container\">\n\t\t\t\t\t<h2 class=\"elementor-heading-title elementor-size-default\">D'Nokrichsz\u00e4it 1945 - 1960<\/h2>\t\t\t\t<\/div>\n\t\t\t\t<\/div>\n\t\t\t\t<div class=\"elementor-element elementor-element-14e078d8 elementor-widget elementor-widget-heading\" data-id=\"14e078d8\" data-element_type=\"widget\" data-widget_type=\"heading.default\">\n\t\t\t\t<div class=\"elementor-widget-container\">\n\t\t\t\t\t<h2 class=\"elementor-heading-title elementor-size-default\">W\u00e9i nom Krich am Oktober 1945 d\u00e9i \u00e9ischt Prouw r\u00ebm ofgehale gouf, ware keng Sue m\u00e9i do fir nei Instrumenter an Nouten ze kafen. Am Mee 1946 huet eng Hauskollekt fir d\u2019Musek iwwer 23000 Frang erabruecht, wat een deemools als e Verm\u00e9ige konnt betruechten. \u00cbnnert der Direktioun vum Emil Hoffmann, engem ganz talent\u00e9ierten Milit\u00e4rmuseker, ass eis Musek f\u00ebrmlech opgaang a konnt um Concours zu Veianen all Erwaardungen iwwertreffen. Nom H\u00e4r Hoffmann stoung den deemolege Sous-Chef Charel Besenius um Dirigentepult an huet mat strenger Hand bis 1955 d\u2019Direktioun iwwerholl. Et goung du weider mam Robert Heger vu 1955 bis 1957 a mam Pol Gilson vu 1957 bis 1960. Dunn huet d\u2019Musek mam H\u00e4r Ady Mootz een neie Milit\u00e4rmuseker agestallt. All d\u00ebs Dirigenten hu parallel zu hire Prouwe Solf\u00e8ge an Instrumentecoursen fir eis jonk Musikanten am Musekssall gehalen.<\/h2>\t\t\t\t<\/div>\n\t\t\t\t<\/div>\n\t\t\t\t<div class=\"elementor-element elementor-element-611fa96 elementor-widget-divider--view-line elementor-widget elementor-widget-divider\" data-id=\"611fa96\" data-element_type=\"widget\" data-widget_type=\"divider.default\">\n\t\t\t\t<div class=\"elementor-widget-container\">\n\t\t\t\t\t\t\t<div class=\"elementor-divider\">\n\t\t\t<span class=\"elementor-divider-separator\">\n\t\t\t\t\t\t<\/span>\n\t\t<\/div>\n\t\t\t\t\t\t<\/div>\n\t\t\t\t<\/div>\n\t\t\t\t\t<\/div>\n\t\t<\/div>\n\t\t\t\t\t<\/div>\n\t\t<\/section>\n\t\t\t\t<section class=\"elementor-section elementor-top-section elementor-element elementor-element-3b6b9486 elementor-section-boxed elementor-section-height-default elementor-section-height-default\" data-id=\"3b6b9486\" data-element_type=\"section\" data-settings=\"{&quot;background_background&quot;:&quot;classic&quot;}\">\n\t\t\t\t\t\t<div class=\"elementor-container elementor-column-gap-default\">\n\t\t\t\t\t<div class=\"elementor-column elementor-col-50 elementor-top-column elementor-element elementor-element-428cb668\" data-id=\"428cb668\" data-element_type=\"column\">\n\t\t\t<div class=\"elementor-widget-wrap elementor-element-populated\">\n\t\t\t\t\t\t<div class=\"elementor-element elementor-element-2ff344a7 elementor-widget-divider--view-line elementor-widget elementor-widget-divider\" data-id=\"2ff344a7\" data-element_type=\"widget\" data-widget_type=\"divider.default\">\n\t\t\t\t<div class=\"elementor-widget-container\">\n\t\t\t\t\t\t\t<div class=\"elementor-divider\">\n\t\t\t<span class=\"elementor-divider-separator\">\n\t\t\t\t\t\t<\/span>\n\t\t<\/div>\n\t\t\t\t\t\t<\/div>\n\t\t\t\t<\/div>\n\t\t\t\t<div class=\"elementor-element elementor-element-411b0c19 elementor-widget elementor-widget-heading\" data-id=\"411b0c19\" data-element_type=\"widget\" data-widget_type=\"heading.default\">\n\t\t\t\t<div class=\"elementor-widget-container\">\n\t\t\t\t\t<h2 class=\"elementor-heading-title elementor-size-default\">Am Zweete Weltkrich: 1940-1945<\/h2>\t\t\t\t<\/div>\n\t\t\t\t<\/div>\n\t\t\t\t<div class=\"elementor-element elementor-element-6a0afb3d elementor-widget elementor-widget-heading\" data-id=\"6a0afb3d\" data-element_type=\"widget\" data-widget_type=\"heading.default\">\n\t\t\t\t<div class=\"elementor-widget-container\">\n\t\t\t\t\t<h2 class=\"elementor-heading-title elementor-size-default\">Den 9.Mee 1940 war d\u00e9i lescht Prouf. Mam Terror vum Naziregime sinn eng helle Wull vu Geboter komm, d\u00e9i d\u2019Musiz\u00e9ieren onm\u00e9iglech gemaach hunn. Eis Leit hunn de F\u00e4ndel an d\u2019Instrumenter misse verstoppen. D\u00e9i Musikanten, d\u00e9i net am Krich oder verstoppt waren, goufe gezwongen, enger Ortsgruppemusek fir d\u2019Dierfer Felen, M\u00e4erzeg a Groussbus baizetrieden, wat awer net laang funktion\u00e9iert huet.<\/h2>\t\t\t\t<\/div>\n\t\t\t\t<\/div>\n\t\t\t\t<div class=\"elementor-element elementor-element-6ec8fa45 elementor-widget-divider--view-line elementor-widget elementor-widget-divider\" data-id=\"6ec8fa45\" data-element_type=\"widget\" data-widget_type=\"divider.default\">\n\t\t\t\t<div class=\"elementor-widget-container\">\n\t\t\t\t\t\t\t<div class=\"elementor-divider\">\n\t\t\t<span class=\"elementor-divider-separator\">\n\t\t\t\t\t\t<\/span>\n\t\t<\/div>\n\t\t\t\t\t\t<\/div>\n\t\t\t\t<\/div>\n\t\t\t\t\t<\/div>\n\t\t<\/div>\n\t\t\t\t<div class=\"elementor-column elementor-col-50 elementor-top-column elementor-element elementor-element-775dcc11\" data-id=\"775dcc11\" data-element_type=\"column\">\n\t\t\t<div class=\"elementor-widget-wrap elementor-element-populated\">\n\t\t\t\t\t\t<section class=\"elementor-section elementor-inner-section elementor-element elementor-element-45feea2e elementor-section-height-min-height elementor-section-boxed elementor-section-height-default\" data-id=\"45feea2e\" data-element_type=\"section\" data-settings=\"{&quot;background_background&quot;:&quot;classic&quot;}\">\n\t\t\t\t\t\t\t<div class=\"elementor-background-overlay\"><\/div>\n\t\t\t\t\t\t\t<div class=\"elementor-container elementor-column-gap-default\">\n\t\t\t\t\t<div class=\"elementor-column elementor-col-100 elementor-inner-column elementor-element elementor-element-13d62c49\" data-id=\"13d62c49\" data-element_type=\"column\">\n\t\t\t<div class=\"elementor-widget-wrap\">\n\t\t\t\t\t\t\t<\/div>\n\t\t<\/div>\n\t\t\t\t\t<\/div>\n\t\t<\/section>\n\t\t\t\t\t<\/div>\n\t\t<\/div>\n\t\t\t\t\t<\/div>\n\t\t<\/section>\n\t\t\t\t<section class=\"elementor-section elementor-top-section elementor-element elementor-element-44c87931 elementor-section-boxed elementor-section-height-default elementor-section-height-default\" data-id=\"44c87931\" data-element_type=\"section\" data-settings=\"{&quot;background_background&quot;:&quot;classic&quot;}\">\n\t\t\t\t\t\t<div class=\"elementor-container elementor-column-gap-default\">\n\t\t\t\t\t<div class=\"elementor-column elementor-col-50 elementor-top-column elementor-element elementor-element-3f4c8107\" data-id=\"3f4c8107\" data-element_type=\"column\">\n\t\t\t<div class=\"elementor-widget-wrap elementor-element-populated\">\n\t\t\t\t\t\t<section class=\"elementor-section elementor-inner-section elementor-element elementor-element-16888586 elementor-section-height-min-height elementor-section-boxed elementor-section-height-default\" data-id=\"16888586\" data-element_type=\"section\" data-settings=\"{&quot;background_background&quot;:&quot;classic&quot;}\">\n\t\t\t\t\t\t\t<div class=\"elementor-background-overlay\"><\/div>\n\t\t\t\t\t\t\t<div class=\"elementor-container elementor-column-gap-default\">\n\t\t\t\t\t<div class=\"elementor-column elementor-col-100 elementor-inner-column elementor-element elementor-element-4c1e1988\" data-id=\"4c1e1988\" data-element_type=\"column\">\n\t\t\t<div class=\"elementor-widget-wrap\">\n\t\t\t\t\t\t\t<\/div>\n\t\t<\/div>\n\t\t\t\t\t<\/div>\n\t\t<\/section>\n\t\t\t\t\t<\/div>\n\t\t<\/div>\n\t\t\t\t<div class=\"elementor-column elementor-col-50 elementor-top-column elementor-element elementor-element-3053b3c0\" data-id=\"3053b3c0\" data-element_type=\"column\">\n\t\t\t<div class=\"elementor-widget-wrap elementor-element-populated\">\n\t\t\t\t\t\t<div class=\"elementor-element elementor-element-6d2cb9ca elementor-widget-divider--view-line elementor-widget elementor-widget-divider\" data-id=\"6d2cb9ca\" data-element_type=\"widget\" data-widget_type=\"divider.default\">\n\t\t\t\t<div class=\"elementor-widget-container\">\n\t\t\t\t\t\t\t<div class=\"elementor-divider\">\n\t\t\t<span class=\"elementor-divider-separator\">\n\t\t\t\t\t\t<\/span>\n\t\t<\/div>\n\t\t\t\t\t\t<\/div>\n\t\t\t\t<\/div>\n\t\t\t\t<div class=\"elementor-element elementor-element-2408819d elementor-widget elementor-widget-heading\" data-id=\"2408819d\" data-element_type=\"widget\" data-widget_type=\"heading.default\">\n\t\t\t\t<div class=\"elementor-widget-container\">\n\t\t\t\t\t<h2 class=\"elementor-heading-title elementor-size-default\">Den Ufank: 1902-1940<\/h2>\t\t\t\t<\/div>\n\t\t\t\t<\/div>\n\t\t\t\t<div class=\"elementor-element elementor-element-4e714bdc elementor-widget elementor-widget-heading\" data-id=\"4e714bdc\" data-element_type=\"widget\" data-widget_type=\"heading.default\">\n\t\t\t\t<div class=\"elementor-widget-container\">\n\t\t\t\t\t<h5 class=\"elementor-heading-title elementor-size-default\">Iwwer 100 Joer<\/h5>\t\t\t\t<\/div>\n\t\t\t\t<\/div>\n\t\t\t\t<div class=\"elementor-element elementor-element-4fb19fdb elementor-widget elementor-widget-heading\" data-id=\"4fb19fdb\" data-element_type=\"widget\" data-widget_type=\"heading.default\">\n\t\t\t\t<div class=\"elementor-widget-container\">\n\t\t\t\t\t<h2 class=\"elementor-heading-title elementor-size-default\">Den 12. November 1902 hunn zwee Studenten aus dem Dikkrecher Koll\u00e9isch, de Michel Steichen an de Jean-Pierre Bormann, zesumme mat 12 anere Leit zu Nidderfelen eng Musek \u00ebnnert dem Numm \u00ab Harmonie Feulen \u00bb gegr\u00ebnnt. D\u00e9i \u00e9ischt Optr\u00ebtter zu d\u00e4r Z\u00e4it waren de Kiermesconcert an den Theater-Concert fit Chr\u00ebschtdag. Vill Dirigenten hu sech ofgel\u00e9ist an d\u00e9i verschidde Musikanten aus dem Duerf ausgebilt. Mat Sch\u00e9ifer a Schof ass 1924 fir d\u2019\u00e9ischt den H\u00e4mmelsmarsch gespillt ginn. Am Haus \u201cA Schmatts\u201d ass w\u00e4hrend engem halwe Jorhonnert de Bestand an d\u2019Grondlag vun der Musek geschafen oder besser gesot geschmidde ginn. Den Henri Besenius gouf virum Krich President an d\u2019Zuel vun de Musikanten ass bis op 25 geklomm.<\/h2>\t\t\t\t<\/div>\n\t\t\t\t<\/div>\n\t\t\t\t<div class=\"elementor-element elementor-element-5ba1a8dd elementor-widget-divider--view-line elementor-widget elementor-widget-divider\" data-id=\"5ba1a8dd\" data-element_type=\"widget\" data-widget_type=\"divider.default\">\n\t\t\t\t<div class=\"elementor-widget-container\">\n\t\t\t\t\t\t\t<div class=\"elementor-divider\">\n\t\t\t<span class=\"elementor-divider-separator\">\n\t\t\t\t\t\t<\/span>\n\t\t<\/div>\n\t\t\t\t\t\t<\/div>\n\t\t\t\t<\/div>\n\t\t\t\t\t<\/div>\n\t\t<\/div>\n\t\t\t\t\t<\/div>\n\t\t<\/section>\n\t\t\t\t<\/div>\n\t\t","protected":false},"excerpt":{"rendered":"<p>Fanfare Feelen Historique since 1902 Vun 2014 bis Haut \u00cbnnert der neier Leedung vum Patrick Wilhelm koum eng partiell musikalesch Neiorient\u00e9ierung mat z.B. St\u00e9cker aus dem Brassensembler\u00e9pertoire, engem Medley vun enger hallwer Stonn aus der \u201eWest Side Story\u201c oder och engem Rock-Deel mat H\u00ebllef vu Gaaschtmuseker. Een speziellen Highlight w\u00e4ren ons Opnamen zum Film \u201eGutland\u201c [&hellip;]<\/p>\n","protected":false},"author":1,"featured_media":0,"parent":0,"menu_order":0,"comment_status":"closed","ping_status":"closed","template":"","meta":{"ocean_post_layout":"full-screen","ocean_both_sidebars_style":"","ocean_both_sidebars_content_width":0,"ocean_both_sidebars_sidebars_width":0,"ocean_sidebar":"0","ocean_second_sidebar":"0","ocean_disable_margins":"enable","ocean_add_body_class":"","ocean_shortcode_before_top_bar":"","ocean_shortcode_after_top_bar":"","ocean_shortcode_before_header":"","ocean_shortcode_after_header":"","ocean_has_shortcode":"","ocean_shortcode_after_title":"","ocean_shortcode_before_footer_widgets":"","ocean_shortcode_after_footer_widgets":"","ocean_shortcode_before_footer_bottom":"","ocean_shortcode_after_footer_bottom":"","ocean_display_top_bar":"off","ocean_display_header":"default","ocean_header_style":"","ocean_center_header_left_menu":"0","ocean_custom_header_template":"0","ocean_custom_logo":0,"ocean_custom_retina_logo":0,"ocean_custom_logo_max_width":0,"ocean_custom_logo_tablet_max_width":0,"ocean_custom_logo_mobile_max_width":0,"ocean_custom_logo_max_height":0,"ocean_custom_logo_tablet_max_height":0,"ocean_custom_logo_mobile_max_height":0,"ocean_header_custom_menu":"0","ocean_menu_typo_font_family":"0","ocean_menu_typo_font_subset":"","ocean_menu_typo_font_size":0,"ocean_menu_typo_font_size_tablet":0,"ocean_menu_typo_font_size_mobile":0,"ocean_menu_typo_font_size_unit":"px","ocean_menu_typo_font_weight":"","ocean_menu_typo_font_weight_tablet":"","ocean_menu_typo_font_weight_mobile":"","ocean_menu_typo_transform":"","ocean_menu_typo_transform_tablet":"","ocean_menu_typo_transform_mobile":"","ocean_menu_typo_line_height":0,"ocean_menu_typo_line_height_tablet":0,"ocean_menu_typo_line_height_mobile":0,"ocean_menu_typo_line_height_unit":"","ocean_menu_typo_spacing":0,"ocean_menu_typo_spacing_tablet":0,"ocean_menu_typo_spacing_mobile":0,"ocean_menu_typo_spacing_unit":"","ocean_menu_link_color":"","ocean_menu_link_color_hover":"","ocean_menu_link_color_active":"","ocean_menu_link_background":"","ocean_menu_link_hover_background":"","ocean_menu_link_active_background":"","ocean_menu_social_links_bg":"","ocean_menu_social_hover_links_bg":"","ocean_menu_social_links_color":"","ocean_menu_social_hover_links_color":"","ocean_disable_title":"on","ocean_disable_heading":"default","ocean_post_title":"","ocean_post_subheading":"","ocean_post_title_style":"","ocean_post_title_background_color":"","ocean_post_title_background":0,"ocean_post_title_bg_image_position":"","ocean_post_title_bg_image_attachment":"","ocean_post_title_bg_image_repeat":"","ocean_post_title_bg_image_size":"","ocean_post_title_height":0,"ocean_post_title_bg_overlay":0.5,"ocean_post_title_bg_overlay_color":"","ocean_disable_breadcrumbs":"default","ocean_breadcrumbs_color":"","ocean_breadcrumbs_separator_color":"","ocean_breadcrumbs_links_color":"","ocean_breadcrumbs_links_hover_color":"","ocean_display_footer_widgets":"default","ocean_display_footer_bottom":"default","ocean_custom_footer_template":"0","footnotes":""},"class_list":["post-57","page","type-page","status-publish","hentry","entry"],"_links":{"self":[{"href":"https:\/\/fanfarefeelen.lu\/wpcj\/wp-json\/wp\/v2\/pages\/57","targetHints":{"allow":["GET"]}}],"collection":[{"href":"https:\/\/fanfarefeelen.lu\/wpcj\/wp-json\/wp\/v2\/pages"}],"about":[{"href":"https:\/\/fanfarefeelen.lu\/wpcj\/wp-json\/wp\/v2\/types\/page"}],"author":[{"embeddable":true,"href":"https:\/\/fanfarefeelen.lu\/wpcj\/wp-json\/wp\/v2\/users\/1"}],"replies":[{"embeddable":true,"href":"https:\/\/fanfarefeelen.lu\/wpcj\/wp-json\/wp\/v2\/comments?post=57"}],"version-history":[{"count":33,"href":"https:\/\/fanfarefeelen.lu\/wpcj\/wp-json\/wp\/v2\/pages\/57\/revisions"}],"predecessor-version":[{"id":1065,"href":"https:\/\/fanfarefeelen.lu\/wpcj\/wp-json\/wp\/v2\/pages\/57\/revisions\/1065"}],"wp:attachment":[{"href":"https:\/\/fanfarefeelen.lu\/wpcj\/wp-json\/wp\/v2\/media?parent=57"}],"curies":[{"name":"wp","href":"https:\/\/api.w.org\/{rel}","templated":true}]}}